{"id":641,"date":"2024-01-25T21:01:22","date_gmt":"2024-01-25T20:01:22","guid":{"rendered":"https:\/\/mayer-arbeitsbuehnen.com\/shop\/"},"modified":"2024-08-22T11:34:00","modified_gmt":"2024-08-22T09:34:00","slug":"letting","status":"publish","type":"page","link":"https:\/\/starnberger-mietgeraete.de\/en\/letting\/","title":{"rendered":"Letting"},"content":{"rendered":"<div class=\"gb-container gb-container-75fcfe79 gb-container-section-xl\">\n<div class=\"gb-container gb-container-ec5c0f5d gb-container-inner-d\">\n\n<h1 class=\"gb-headline gb-headline-084fac8b gb-headline-text\">Entdecken Sie unseren Mietpark und finden Sie<br>die passenden Arbeitsb\u00fchnen zum mieten<\/h1>\n\n\n\n<div style=\"height:48px\" aria-hidden=\"true\" class=\"wp-block-spacer\"><\/div>\n\n<\/div>\n<\/div>\n\n<div class=\"gb-container gb-container-5035818c gb-container-section-d\">\n<div class=\"gb-container gb-container-3e4bf129 gb-container-inner-d\">\n\n<p class=\"gb-headline gb-headline-87a56d1f gb-headline-text gb-headline-lead\">Konfigurator<\/p>\n\n\n\n<h2 class=\"gb-headline gb-headline-156f17ad gb-headline-text\">Finden Sie Ihre perfekte Arbeitsb\u00fchne oder Stapler aus unserem Mietpark in nur wenigen Klicks<\/h2>\n\n\n\n<p>Mit unserem intuitiven Konfigurator k\u00f6nnen Sie jetzt Ihre individuellen Anforderungen festlegen und die passende Arbeitsb\u00fchne oder Stapler aus unserem Mietpark f\u00fcr Ihr Projekt entdecken. Sparen Sie Zeit und finden Sie genau das, was Sie ben\u00f6tigen, um Ihre Arbeitsaufgaben effizient zu erledigen. Starten Sie jetzt und erleben Sie unkomplizierte Auswahlm\u00f6glichkeiten f\u00fcr maximale Produktivit\u00e4t.<\/p>\n\n\n\n<script>\n\njQuery(document).ready(function( $ ) {\n\t\n  $(document).on('facetwp-refresh', function() {\n\n    \/\/ Remove any class from the body that starts with \"may-mt-\"\n    $('body').removeClass(function(index, className) {\n        return (className.match(\/(^|\\s)may-mt-\\S+\/g) || []).join(' ');\n    });\n\n    \/\/ Add the class \"may-mt-test\" to the body\n    if( FWP.facets.maschinentyp && FWP.facets.maschinentyp.length > 0 ) {\n      $('body').addClass('may-mt-' + FWP.facets.maschinentyp[0]);\n    } else {\n      $('body').addClass('may-mt-all');\n    }\n\n  });\n\t\n});\n\n\n\n\n<\/script>\n\n\n\n<style>\n\n.facetwp-facet-maschinentyp {\n  display: flex;\n  gap: 40px;\n  flex-wrap: wrap;\n}\n\n.facetwp-facet-maschinentyp > * {\n  flex: 1 0 200px;\n}\n\ninput[type=\"text\"], input[type=\"email\"], input[type=\"url\"], input[type=\"password\"], input[type=\"search\"], input[type=\"tel\"], input[type=\"number\"], textarea, select {\n  border: 2px solid #fff !important;\n}\n\n<\/style>\n\n<\/div>\n<\/div>\n\n<div class=\"gb-container gb-container-da761bc3 gb-container-section-d\">\n<div class=\"gb-container gb-container-a7cb8264 gb-container-inner-d\">\n<div class=\"gb-grid-wrapper gb-grid-wrapper-3ea14f8c\">\n<div class=\"gb-grid-column gb-grid-column-bcd847ae\"><div class=\"gb-container gb-container-bcd847ae\">\n<div class=\"gb-container gb-container-05312bb6 may-mt-kachel may-mt-kachel--all\">\n<div class=\"gb-container gb-container-b880bfa4\">\n\n<div class=\"gb-headline gb-headline-dff9b346\"><span class=\"gb-icon\"><svg viewBox=\"0 0 512.41 441.68\" height=\"441.68\" width=\"512.41\" xmlns=\"http:\/\/www.w3.org\/2000\/svg\">  <g transform=\"translate(-143.8 -179.16)\" data-name=\"2023_12_06_mayer-arbeitsbu\u0308hnen-icons-wei\u00df_lkw-arbeitsbuehnen\" id=\"_2023_12_06_mayer-arbeitsbu\u0308hnen-icons-wei\u00df_lkw-arbeitsbuehnen\">    <path fill=\"#fff\" d=\"M245.35,539.32a40.76,40.76,0,1,0,40.76,40.76,40.761,40.761,0,0,0-40.76-40.76Zm0,64.37a23.61,23.61,0,1,1,23.61-23.61,23.609,23.609,0,0,1-23.61,23.61Z\" data-name=\"Pfad 1273\" id=\"Pfad_1273\"><\/path>    <path fill=\"#fff\" d=\"M540.54,539.32a40.76,40.76,0,1,0,40.76,40.76A40.761,40.761,0,0,0,540.54,539.32Zm0,64.37a23.61,23.61,0,1,1,23.61-23.61A23.609,23.609,0,0,1,540.54,603.69Z\" data-name=\"Pfad 1274\" id=\"Pfad_1274\"><\/path>    <path fill=\"#fff\" d=\"M637.37,563.4h-2.7V502.81a2.746,2.746,0,0,0-2.75-2.74H292.96V377.09H193.39a25.882,25.882,0,0,0-25.05,19.35L152.6,456.76v46.47a10,10,0,0,0-8.8,9.92V523.3a10,10,0,0,0,8.8,9.92v6.64l-4.03,2.29a8.052,8.052,0,0,0-4.09,7.01v17.32a13.612,13.612,0,0,0,13.61,13.61h34.32a2.724,2.724,0,0,0,2.74-2.56,50.265,50.265,0,0,1,100.4,0,2.722,2.722,0,0,0,2.73,2.56H487.6a2.724,2.724,0,0,0,2.74-2.56,50.265,50.265,0,0,1,100.4,0,2.722,2.722,0,0,0,2.73,2.56h43.9a2.74,2.74,0,0,0,2.74-2.75V566.15A2.74,2.74,0,0,0,637.37,563.4ZM152.6,528.35a5.2,5.2,0,0,1-4.01-5.05V513.15a5.211,5.211,0,0,1,4.01-5.06Zm92.75-70.46H170.46l14.15-54.25a12.037,12.037,0,0,1,11.64-8.99h49.1Z\" data-name=\"Pfad 1275\" id=\"Pfad_1275\"><\/path>    <path fill=\"#fff\" d=\"M549.24,179.16v29.46H537.85l-7.19-5.73a2.722,2.722,0,0,0-3.83.44L399.62,363.25a22.253,22.253,0,0,0-25.8,2.2l-2.56,2.18A22.247,22.247,0,0,0,368.78,399l11.97,14.02a65.1,65.1,0,0,0-39.49,42.34L330.84,490.3H541.02l-9.52-60.74a24.46,24.46,0,0,0-24.18-20.69H488.16l-15.94-91.04,70.02-88.03h7v65.72H656.21V179.16H549.24ZM481.22,408.87H440.13l-20.87-24.46,47.27-59.43ZM646.63,285.93H558.82V188.74h87.81Z\" data-name=\"Pfad 1276\" id=\"Pfad_1276\"><\/path>  <\/g><\/svg><\/span><\/div>\n\n<\/div>\n\n\n<h3 class=\"gb-headline gb-headline-6240a8af gb-headline-text\">Konfigurator<\/h3>\n\n\n\n<p>W\u00e4hlen Sie zun\u00e4chst den gew\u00fcnschten Maschinentyp, z. B. Arbeitsb\u00fchnen, und dann die spezifische Maschine, wie eine Scherenb\u00fchne. Anschlie\u00dfend k\u00f6nnen Sie weitere Parameter wie Tragkraft, Breite, Hub- oder Arbeitsh\u00f6he usw. definieren, um sicherzustellen, dass die ausgew\u00e4hlte Maschine genau Ihren Anforderungen entspricht.<\/p>\n\n\n\n<p>Unterhalb des Konfigurators erscheinen die passenden Maschinen.   <\/p>\n\n<\/div>\n\n<div class=\"gb-container gb-container-067ba3ab may-mt-kachel may-mt-kachel--arbeitsbuehnen\">\n<div class=\"gb-container gb-container-0adfac92\">\n\n<div class=\"gb-headline gb-headline-4f34a6ac\"><span class=\"gb-icon\"><svg viewBox=\"0 0 512.41 441.68\" height=\"441.68\" width=\"512.41\" xmlns=\"http:\/\/www.w3.org\/2000\/svg\">  <g transform=\"translate(-143.8 -179.16)\" data-name=\"2023_12_06_mayer-arbeitsbu\u0308hnen-icons-wei\u00df_lkw-arbeitsbuehnen\" id=\"_2023_12_06_mayer-arbeitsbu\u0308hnen-icons-wei\u00df_lkw-arbeitsbuehnen\">    <path fill=\"#fff\" d=\"M245.35,539.32a40.76,40.76,0,1,0,40.76,40.76,40.761,40.761,0,0,0-40.76-40.76Zm0,64.37a23.61,23.61,0,1,1,23.61-23.61,23.609,23.609,0,0,1-23.61,23.61Z\" data-name=\"Pfad 1273\" id=\"Pfad_1273\"><\/path>    <path fill=\"#fff\" d=\"M540.54,539.32a40.76,40.76,0,1,0,40.76,40.76A40.761,40.761,0,0,0,540.54,539.32Zm0,64.37a23.61,23.61,0,1,1,23.61-23.61A23.609,23.609,0,0,1,540.54,603.69Z\" data-name=\"Pfad 1274\" id=\"Pfad_1274\"><\/path>    <path fill=\"#fff\" d=\"M637.37,563.4h-2.7V502.81a2.746,2.746,0,0,0-2.75-2.74H292.96V377.09H193.39a25.882,25.882,0,0,0-25.05,19.35L152.6,456.76v46.47a10,10,0,0,0-8.8,9.92V523.3a10,10,0,0,0,8.8,9.92v6.64l-4.03,2.29a8.052,8.052,0,0,0-4.09,7.01v17.32a13.612,13.612,0,0,0,13.61,13.61h34.32a2.724,2.724,0,0,0,2.74-2.56,50.265,50.265,0,0,1,100.4,0,2.722,2.722,0,0,0,2.73,2.56H487.6a2.724,2.724,0,0,0,2.74-2.56,50.265,50.265,0,0,1,100.4,0,2.722,2.722,0,0,0,2.73,2.56h43.9a2.74,2.74,0,0,0,2.74-2.75V566.15A2.74,2.74,0,0,0,637.37,563.4ZM152.6,528.35a5.2,5.2,0,0,1-4.01-5.05V513.15a5.211,5.211,0,0,1,4.01-5.06Zm92.75-70.46H170.46l14.15-54.25a12.037,12.037,0,0,1,11.64-8.99h49.1Z\" data-name=\"Pfad 1275\" id=\"Pfad_1275\"><\/path>    <path fill=\"#fff\" d=\"M549.24,179.16v29.46H537.85l-7.19-5.73a2.722,2.722,0,0,0-3.83.44L399.62,363.25a22.253,22.253,0,0,0-25.8,2.2l-2.56,2.18A22.247,22.247,0,0,0,368.78,399l11.97,14.02a65.1,65.1,0,0,0-39.49,42.34L330.84,490.3H541.02l-9.52-60.74a24.46,24.46,0,0,0-24.18-20.69H488.16l-15.94-91.04,70.02-88.03h7v65.72H656.21V179.16H549.24ZM481.22,408.87H440.13l-20.87-24.46,47.27-59.43ZM646.63,285.93H558.82V188.74h87.81Z\" data-name=\"Pfad 1276\" id=\"Pfad_1276\"><\/path>  <\/g><\/svg><\/span><\/div>\n\n<\/div>\n\n\n<p class=\"gb-headline gb-headline-4135fe0f gb-headline-text gb-headline-lead\">Arbeitsb\u00fchnen<\/p>\n\n\n\n<h3 class=\"gb-headline gb-headline-1f26f030 gb-headline-text\">Arbeitsb\u00fchnen mieten zum fairen Preis<\/h3>\n\n\n\n<p>Unser Mietpark reicht von Scheren- \u00fcber Gelenkarbeits- bis hin zu Teleskopb\u00fchnen, um Ihre individuellen Anforderungen zu erf\u00fcllen. Wir bieten faire und transparente Mietpreise sowie ein engagiertes Team, das Ihnen bei der Auswahl der richtigen Arbeitsb\u00fchne zur Seite steht. Heben Sie Ihr Projekt noch heute auf die n\u00e4chste Ebene!<\/p>\n\n<\/div>\n\n<div class=\"gb-container gb-container-e64e84d6 may-mt-kachel may-mt-kachel--stapler\">\n<div class=\"gb-container gb-container-0adc7916\">\n\n<div class=\"gb-headline gb-headline-944a9368\"><span class=\"gb-icon\"><svg xmlns=\"http:\/\/www.w3.org\/2000\/svg\" width=\"528.52\" height=\"399.62\" viewBox=\"0 0 528.52 399.62\">\n  <g id=\"_2023_12_06_mayer-arbeitsbu\u0308hnen-icons-wei\u00df_frontstapler\" data-name=\"2023_12_06_mayer-arbeitsbu\u0308hnen-icons-wei\u00df_frontstapler\" transform=\"translate(-135.75 -200.19)\">\n    <path id=\"Pfad_1258\" data-name=\"Pfad 1258\" d=\"M451.52,482.02a58.9,58.9,0,1,0,58.89,58.89,58.9,58.9,0,0,0-58.89-58.89Zm0,93.01a34.115,34.115,0,1,1,34.11-34.12,34.112,34.112,0,0,1-34.11,34.12Z\" fill=\"#fff\"><\/path>\n    <path id=\"Pfad_1259\" data-name=\"Pfad 1259\" d=\"M458.04,473.77,425.53,269.53a33.547,33.547,0,0,0-33.12-28.27H266.46a12.406,12.406,0,0,0-12.4,12.41V403.8H148.15a12.4,12.4,0,0,0-12.4,12.4v97.75l15.01,15.02a1.4,1.4,0,0,0,2.37-.7,65.721,65.721,0,1,1,126.58,34.21,1.41,1.41,0,0,0,1.31,1.89h107.1a1.415,1.415,0,0,0,1.32-1.89,65.713,65.713,0,0,1,62.08-87.28c1.69,0,3.36.06,5.01.19a1.408,1.408,0,0,0,1.51-1.62Zm-87.38-39.35-30.6-30.62H280.54V272.32a4.569,4.569,0,0,1,4.57-4.57H388.62a11.507,11.507,0,0,1,11.36,9.7l24.99,156.97Z\" fill=\"#fff\"><\/path>\n    <path id=\"Pfad_1260\" data-name=\"Pfad 1260\" d=\"M664.25,386.57v5.74l-66.3,11.49H517.21V525.12a.945.945,0,0,1-1.86.11,65.727,65.727,0,0,0-24.62-37.04V204.89a4.7,4.7,0,0,1,4.7-4.7h17.09a4.7,4.7,0,0,1,4.7,4.7V386.56H664.27Z\" fill=\"#fff\"><\/path>\n    <path id=\"Pfad_1261\" data-name=\"Pfad 1261\" d=\"M217.63,482.02a58.9,58.9,0,1,0,58.9,58.89,58.9,58.9,0,0,0-58.9-58.89Zm0,93.01a34.115,34.115,0,1,1,34.12-34.12A34.11,34.11,0,0,1,217.63,575.03Z\" fill=\"#fff\"><\/path>\n  <\/g>\n<\/svg><\/span><\/div>\n\n<\/div>\n\n\n<p class=\"gb-headline gb-headline-a84688da gb-headline-text gb-headline-lead\">Stapler<\/p>\n\n\n\n<h3 class=\"gb-headline gb-headline-81e3d5e6 gb-headline-text\">Zuverl\u00e4ssige Gabelstapler mieten<\/h3>\n\n\n\n<p><br>Als erfahrener Staplervermieter bieten wir eine vielseitige Auswahl an Staplern f\u00fcr verschiedene Anwendungen. Ganz gleich, ob Sie einen Frontgabelstapler oder einen Gel\u00e4ndestapler ben\u00f6tigen &#8211; wir haben die passende L\u00f6sung f\u00fcr Sie. Entdecken Sie jetzt unsere breite Auswahl an Staplern, egal ob klein oder gro\u00df, f\u00fcr Ihre Projekte.<\/p>\n\n<\/div>\n\n<div class=\"gb-container gb-container-19197ffc may-mt-kachel may-mt-kachel--spezialgeraete\">\n<div class=\"gb-container gb-container-f4dcd9af\">\n\n<div class=\"gb-headline gb-headline-4097d752\"><span class=\"gb-icon\"><svg xmlns=\"http:\/\/www.w3.org\/2000\/svg\" width=\"453.99\" height=\"287.08\" viewBox=\"0 0 453.99 287.08\">\n  <g id=\"_2023_12_06_mayer-arbeitsbu\u0308hnen-icons-wei\u00df_spezialgeraete\" data-name=\"2023_12_06_mayer-arbeitsbu\u0308hnen-icons-wei\u00df_spezialgeraete\" transform=\"translate(-173 -256.46)\">\n    <rect id=\"Rechteck_4461\" data-name=\"Rechteck 4461\" width=\"382.23\" height=\"58.39\" rx=\"14.67\" transform=\"translate(208.33 456.48)\" fill=\"#fff\"><\/rect>\n    <path id=\"Pfad_1285\" data-name=\"Pfad 1285\" d=\"M569.37,543.54H229.51a50.558,50.558,0,0,1-50.5-50.5V478.3a50.552,50.552,0,0,1,50.5-50.5H569.37a50.552,50.552,0,0,1,50.5,50.5v14.74A50.558,50.558,0,0,1,569.37,543.54ZM229.51,446.62a31.714,31.714,0,0,0-31.68,31.68v14.74a31.714,31.714,0,0,0,31.68,31.68H569.37a31.714,31.714,0,0,0,31.68-31.68V478.3a31.714,31.714,0,0,0-31.68-31.68Z\" fill=\"#fff\"><\/path>\n    <path id=\"Pfad_1286\" data-name=\"Pfad 1286\" d=\"M581.43,349.51a92.658,92.658,0,0,0-35.27-51.24,109.8,109.8,0,0,0-34.82-16.5l-12.24-2.6a110.5,110.5,0,0,0-11.41-1.18l-55.76-2.6L320.6,270.21l-94.8-4.41a14.813,14.813,0,0,0-14.98,10.92l-3.36,12.43H188.09V259.87a3.414,3.414,0,0,0-3.41-3.41h-8.27a3.414,3.414,0,0,0-3.41,3.41v98.47a3.414,3.414,0,0,0,3.41,3.41h11.4l-8.27,30.56a14.8,14.8,0,0,0,14.29,18.67H590.56c4.68,0,6.02-4.06,5.15-9.11l-14.28-52.35Z\" fill=\"#fff\"><\/path>\n    <path id=\"Pfad_1287\" data-name=\"Pfad 1287\" d=\"M623.59,338.38H612.31a3.414,3.414,0,0,0-3.41,3.41v19.95H594.74a1.919,1.919,0,0,0-1.85,2.42l10.28,37.7c.06.31.1.62.14.92h5.58v4.78a3.414,3.414,0,0,0,3.41,3.41h11.28a3.414,3.414,0,0,0,3.41-3.41V341.79a3.414,3.414,0,0,0-3.41-3.41Z\" fill=\"#fff\"><\/path>\n  <\/g>\n<\/svg><\/span><\/div>\n\n<\/div>\n\n\n<p class=\"gb-headline gb-headline-24316680 gb-headline-text gb-headline-lead\">Spezialger\u00e4te<\/p>\n\n\n\n<h3 class=\"gb-headline gb-headline-95311364 gb-headline-text\">Spezialger\u00e4te f\u00fcr besondere Anforderungen<\/h3>\n\n\n\n<p>Entdecken Sie unser vielf\u00e4ltiges Angebot an Spezialger\u00e4ten f\u00fcr verschiedenste Einsatzbereiche! Mit unseren Spezialger\u00e4ten k\u00f6nnen Sie selbst in schwierigem Gel\u00e4nde effizient arbeiten und Ihre Aufgaben pr\u00e4zise und professionell erledigen. Finden Sie jetzt das passende Spezialger\u00e4t f\u00fcr Ihre Anforderungen.<\/p>\n\n<\/div>\n<\/div><\/div>\n\n<div class=\"gb-grid-column gb-grid-column-79f42afe\"><div class=\"gb-container gb-container-79f42afe\">\n<div class=\"facetwp-facet facetwp-facet-reset facetwp-type-reset\" data-name=\"reset\" data-type=\"reset\"><\/div>\n\n\n<div class=\"facetwp-facet facetwp-facet-maschinentyp facetwp-type-hierarchy_select\" data-name=\"maschinentyp\" data-type=\"hierarchy_select\"><\/div>\n\n\n\n<h4 class=\"gb-headline gb-headline-65bdc180 gb-headline-text facetwp-facet-einsatzbereich__heading\">Einsatzbereich<\/h4>\n\n\n<div class=\"facetwp-facet facetwp-facet-einsatzbereich facetwp-type-radio\" data-name=\"einsatzbereich\" data-type=\"radio\"><\/div>\n\n\n\n<h4 class=\"gb-headline gb-headline-2df7b224 gb-headline-text facetwp-facet-tragkraft__heading\">Tragkraft<\/h4>\n\n\n<div class=\"facetwp-facet facetwp-facet-tragkraft facetwp-type-slider\" data-name=\"tragkraft\" data-type=\"slider\"><\/div>\n\n\n\n<h4 class=\"gb-headline gb-headline-068f58d4 gb-headline-text facetwp-facet-breite__heading\">Breite<\/h4>\n\n\n<div class=\"facetwp-facet facetwp-facet-breite facetwp-type-slider\" data-name=\"breite\" data-type=\"slider\"><\/div>\n\n\n\n<h4 class=\"gb-headline gb-headline-88267e4d gb-headline-text facetwp-facet-breite__heading\">L\u00e4nge<\/h4>\n\n\n<div class=\"facetwp-facet facetwp-facet-lnge facetwp-type-slider\" data-name=\"lnge\" data-type=\"slider\"><\/div>\n\n\n\n<h4 class=\"gb-headline gb-headline-9eb94c0b gb-headline-text facetwp-facet-hubhhe__heading\">Hubh\u00f6he<\/h4>\n\n\n<div class=\"facetwp-facet facetwp-facet-hubhhe facetwp-type-slider\" data-name=\"hubhhe\" data-type=\"slider\"><\/div>\n\n\n\n<h4 class=\"gb-headline gb-headline-a085ab9d gb-headline-text facetwp-facet-arbeitshhe__heading\">Arbeitsh\u00f6he<\/h4>\n\n\n<div class=\"facetwp-facet facetwp-facet-arbeitshhe facetwp-type-slider\" data-name=\"arbeitshhe\" data-type=\"slider\"><\/div>\n\n\n\n<h4 class=\"gb-headline gb-headline-7e59d5da gb-headline-text facetwp-facet-seitliche_reichweite__heading\">Seitliche Reichweite<\/h4>\n\n\n<div class=\"facetwp-facet facetwp-facet-seitliche_reichweite facetwp-type-slider\" data-name=\"seitliche_reichweite\" data-type=\"slider\"><\/div>\n\n\n\n<h4 class=\"gb-headline gb-headline-080c4e19 gb-headline-text facetwp-facet-flche__heading\">Fl\u00e4che<\/h4>\n\n\n\n\n\n\n<h4 class=\"gb-headline gb-headline-a1ae9f6f gb-headline-text facetwp-facet-antriebsart__heading\">Antriebsart<\/h4>\n\n\n<div class=\"facetwp-facet facetwp-facet-antriebsart facetwp-type-radio\" data-name=\"antriebsart\" data-type=\"radio\"><\/div>\n\n<\/div><\/div>\n<\/div>\n<\/div>\n<\/div>\n\n<div class=\"gb-container gb-container-a299e8ed may-results gb-container-section-d\">\n<div class=\"gb-container gb-container-8fe7ea7c may-results__inner gb-container-inner-d\">\n\n<h2 class=\"gb-headline gb-headline-51ad4a91 gb-headline-text\"><strong>Ergebnis Ihrer Konfiguration<\/strong><\/h2>\n\n\n\n<p>W\u00e4hlen Sie die gew\u00fcnschten Produkte aus und fragen Sie bequem an, und wir werden uns umgehend bei Ihnen melden.<\/p>\n\n\n<div class=\"woocommerce columns-4 facetwp-template\"><div id=\"wc-column-container\" class=\"wc-columns-container wc-columns-4 wc-tablet-columns-2 wc-mobile-columns-1\"><div class=\"woocommerce-notices-wrapper\"><\/div><p class=\"woocommerce-result-count\" role=\"alert\" aria-relevant=\"all\" >\n\tShowing 1&ndash;8 of 73 results<\/p>\n<form class=\"woocommerce-ordering\" method=\"get\">\n\t\t<select\n\t\tname=\"orderby\"\n\t\tclass=\"orderby\"\n\t\t\t\t\taria-label=\"Shop order\"\n\t\t\t>\n\t\t\t\t\t<option value=\"menu_order\"  selected='selected'>Default sorting<\/option>\n\t\t\t\t\t<option value=\"popularity\" >Sort by popularity<\/option>\n\t\t\t\t\t<option value=\"rating\" >Sort by average rating<\/option>\n\t\t\t\t\t<option value=\"date\" >Sort by latest<\/option>\n\t\t\t\t\t<option value=\"price\" >Sort by price: low to high<\/option>\n\t\t\t\t\t<option value=\"price-desc\" >Sort by price: high to low<\/option>\n\t\t\t<\/select>\n\t<input type=\"hidden\" name=\"paged\" value=\"1\" \/>\n\t<\/form>\n<ul class=\"products columns-4\">\n<li class=\"sales-flash-overlay woocommerce-text-align-center woocommerce-image-align-center do-quantity-buttons product type-product post-1425 status-publish first instock product_cat-arbeitsbuehnen product_cat-gelenkbuehnen has-post-thumbnail taxable shipping-taxable purchasable product-type-simple\">\n\t<a href=\"https:\/\/starnberger-mietgeraete.de\/en\/product\/toucan-100-vjr-2\/\" class=\"woocommerce-LoopProduct-link woocommerce-loop-product__link\"><img decoding=\"async\" width=\"300\" height=\"169\" src=\"https:\/\/starnberger-mietgeraete.de\/wp-content\/uploads\/2024\/10\/241002-starnberger-mietgeraete-80-mastarbeitsbuehne-toucan-100-vjr-300x169.jpg\" class=\"attachment-woocommerce_thumbnail size-woocommerce_thumbnail\" alt=\"Toucan EB10\" srcset=\"https:\/\/starnberger-mietgeraete.de\/wp-content\/uploads\/2024\/10\/241002-starnberger-mietgeraete-80-mastarbeitsbuehne-toucan-100-vjr-300x169.jpg 300w, https:\/\/starnberger-mietgeraete.de\/wp-content\/uploads\/2024\/10\/241002-starnberger-mietgeraete-80-mastarbeitsbuehne-toucan-100-vjr-18x10.jpg 18w\" sizes=\"(max-width: 300px) 100vw, 300px\" \/><h2 class=\"woocommerce-loop-product__title\">Toucan EB 10<\/h2><div class=\"star-rating\" title=\"Not yet rated\"><span style=\"width:0%\"><strong class=\"rating\">0<\/strong> out of 5<\/span><\/div>\n<\/a>\t<span id=\"woocommerce_loop_add_to_cart_link_describedby_1425\" class=\"screen-reader-text\">\n\t\t\t<\/span>\n\n<div\n\tclass=\"yith-ywraq-add-to-quote add-to-quote-addons-1425\" >\n\t<a class=\"add-request-quote-button-addons button\" style=\"display:block\" href=\"https:\/\/starnberger-mietgeraete.de\/en\/product\/toucan-100-vjr-2\/\">\n\t\tHinzuf\u00fcgen \u279e\t<\/a>\n<\/div>\n\n<div class=\"clear\"><\/div>\n<\/li>\n<li class=\"sales-flash-overlay woocommerce-text-align-center woocommerce-image-align-center do-quantity-buttons product type-product post-1430 status-publish instock product_cat-arbeitsbuehnen product_cat-gelenkbuehnen has-post-thumbnail taxable shipping-taxable purchasable product-type-simple\">\n\t<a href=\"https:\/\/starnberger-mietgeraete.de\/en\/product\/articulated-joint-z-30-20-rj\/\" class=\"woocommerce-LoopProduct-link woocommerce-loop-product__link\"><img decoding=\"async\" width=\"300\" height=\"169\" src=\"https:\/\/starnberger-mietgeraete.de\/wp-content\/uploads\/2024\/10\/241002-starnberger-mietgeraete-85-gelenkbuehne-z-30-20-rj-300x169.jpg\" class=\"attachment-woocommerce_thumbnail size-woocommerce_thumbnail\" alt=\"Gelenkb\u00fchne EB11\" srcset=\"https:\/\/starnberger-mietgeraete.de\/wp-content\/uploads\/2024\/10\/241002-starnberger-mietgeraete-85-gelenkbuehne-z-30-20-rj-300x169.jpg 300w, https:\/\/starnberger-mietgeraete.de\/wp-content\/uploads\/2024\/10\/241002-starnberger-mietgeraete-85-gelenkbuehne-z-30-20-rj-18x10.jpg 18w\" sizes=\"(max-width: 300px) 100vw, 300px\" \/><h2 class=\"woocommerce-loop-product__title\">Gelenkbu\u0308hne EB 11<\/h2><div class=\"star-rating\" title=\"Not yet rated\"><span style=\"width:0%\"><strong class=\"rating\">0<\/strong> out of 5<\/span><\/div>\n<\/a>\t<span id=\"woocommerce_loop_add_to_cart_link_describedby_1430\" class=\"screen-reader-text\">\n\t\t\t<\/span>\n\n<div\n\tclass=\"yith-ywraq-add-to-quote add-to-quote-addons-1430\" >\n\t<a class=\"add-request-quote-button-addons button\" style=\"display:block\" href=\"https:\/\/starnberger-mietgeraete.de\/en\/product\/articulated-joint-z-30-20-rj\/\">\n\t\tHinzuf\u00fcgen \u279e\t<\/a>\n<\/div>\n\n<div class=\"clear\"><\/div>\n<\/li>\n<li class=\"sales-flash-overlay woocommerce-text-align-center woocommerce-image-align-center do-quantity-buttons product type-product post-3723 status-publish instock product_cat-arbeitsbuehnen product_cat-gelenkbuehnen has-post-thumbnail taxable shipping-taxable purchasable product-type-simple\">\n\t<a href=\"https:\/\/starnberger-mietgeraete.de\/en\/product\/self-propelled-work-platform-eb-12\/\" class=\"woocommerce-LoopProduct-link woocommerce-loop-product__link\"><img decoding=\"async\" width=\"300\" height=\"169\" src=\"https:\/\/starnberger-mietgeraete.de\/wp-content\/uploads\/2024\/10\/starnberger-mietgeraete-glenkbuehnen-EB12-241009-300x169.jpg\" class=\"attachment-woocommerce_thumbnail size-woocommerce_thumbnail\" alt=\"gelenkbuehnen EB12\" \/><h2 class=\"woocommerce-loop-product__title\">Gelenkb\u00fchne EB 12<\/h2><div class=\"star-rating\" title=\"Not yet rated\"><span style=\"width:0%\"><strong class=\"rating\">0<\/strong> out of 5<\/span><\/div>\n<\/a>\t<span id=\"woocommerce_loop_add_to_cart_link_describedby_3723\" class=\"screen-reader-text\">\n\t\t\t<\/span>\n\n<div\n\tclass=\"yith-ywraq-add-to-quote add-to-quote-addons-3723\" >\n\t<a class=\"add-request-quote-button-addons button\" style=\"display:block\" href=\"https:\/\/starnberger-mietgeraete.de\/en\/product\/self-propelled-work-platform-eb-12\/\">\n\t\tHinzuf\u00fcgen \u279e\t<\/a>\n<\/div>\n\n<div class=\"clear\"><\/div>\n<\/li>\n<li class=\"sales-flash-overlay woocommerce-text-align-center woocommerce-image-align-center do-quantity-buttons product type-product post-3768 status-publish last instock product_cat-arbeitsbuehnen product_cat-gelenkbuehnen has-post-thumbnail taxable shipping-taxable purchasable product-type-simple\">\n\t<a href=\"https:\/\/starnberger-mietgeraete.de\/en\/product\/mango-articulated-joint-12\/\" class=\"woocommerce-LoopProduct-link woocommerce-loop-product__link\"><img decoding=\"async\" width=\"300\" height=\"169\" src=\"https:\/\/starnberger-mietgeraete.de\/wp-content\/uploads\/2024\/10\/241009-starnberger-mietgeraeten-gelenkbuehne-mango-12-300x169.jpg\" class=\"attachment-woocommerce_thumbnail size-woocommerce_thumbnail\" alt=\"Gelenkb\u00fchne MANGO 12\" srcset=\"https:\/\/starnberger-mietgeraete.de\/wp-content\/uploads\/2024\/10\/241009-starnberger-mietgeraeten-gelenkbuehne-mango-12-300x169.jpg 300w, https:\/\/starnberger-mietgeraete.de\/wp-content\/uploads\/2024\/10\/241009-starnberger-mietgeraeten-gelenkbuehne-mango-12-18x10.jpg 18w\" sizes=\"(max-width: 300px) 100vw, 300px\" \/><h2 class=\"woocommerce-loop-product__title\">Gelenkb\u00fchne AB 12 G<\/h2><div class=\"star-rating\" title=\"Not yet rated\"><span style=\"width:0%\"><strong class=\"rating\">0<\/strong> out of 5<\/span><\/div>\n<\/a>\t<span id=\"woocommerce_loop_add_to_cart_link_describedby_3768\" class=\"screen-reader-text\">\n\t\t\t<\/span>\n\n<div\n\tclass=\"yith-ywraq-add-to-quote add-to-quote-addons-3768\" >\n\t<a class=\"add-request-quote-button-addons button\" style=\"display:block\" href=\"https:\/\/starnberger-mietgeraete.de\/en\/product\/mango-articulated-joint-12\/\">\n\t\tHinzuf\u00fcgen \u279e\t<\/a>\n<\/div>\n\n<div class=\"clear\"><\/div>\n<\/li>\n<li class=\"sales-flash-overlay woocommerce-text-align-center woocommerce-image-align-center do-quantity-buttons product type-product post-1436 status-publish first instock product_cat-arbeitsbuehnen product_cat-gelenkbuehnen has-post-thumbnail taxable shipping-taxable purchasable product-type-simple\">\n\t<a href=\"https:\/\/starnberger-mietgeraete.de\/en\/product\/articulated-jaw-z-34-22-n\/\" class=\"woocommerce-LoopProduct-link woocommerce-loop-product__link\"><img decoding=\"async\" width=\"300\" height=\"169\" src=\"https:\/\/starnberger-mietgeraete.de\/wp-content\/uploads\/2024\/10\/241002-starnberger-mietgeraete-91-gelenkbuehne-z-34-22-n-300x169.jpg\" class=\"attachment-woocommerce_thumbnail size-woocommerce_thumbnail\" alt=\"Gelenkb\u00fchne EB1 2B\" srcset=\"https:\/\/starnberger-mietgeraete.de\/wp-content\/uploads\/2024\/10\/241002-starnberger-mietgeraete-91-gelenkbuehne-z-34-22-n-300x169.jpg 300w, https:\/\/starnberger-mietgeraete.de\/wp-content\/uploads\/2024\/10\/241002-starnberger-mietgeraete-91-gelenkbuehne-z-34-22-n-18x10.jpg 18w\" sizes=\"(max-width: 300px) 100vw, 300px\" \/><h2 class=\"woocommerce-loop-product__title\">Gelenkbu\u0308hne EB 12 B<\/h2><div class=\"star-rating\" title=\"Not yet rated\"><span style=\"width:0%\"><strong class=\"rating\">0<\/strong> out of 5<\/span><\/div>\n<\/a>\t<span id=\"woocommerce_loop_add_to_cart_link_describedby_1436\" class=\"screen-reader-text\">\n\t\t\t<\/span>\n\n<div\n\tclass=\"yith-ywraq-add-to-quote add-to-quote-addons-1436\" >\n\t<a class=\"add-request-quote-button-addons button\" style=\"display:block\" href=\"https:\/\/starnberger-mietgeraete.de\/en\/product\/articulated-jaw-z-34-22-n\/\">\n\t\tHinzuf\u00fcgen \u279e\t<\/a>\n<\/div>\n\n<div class=\"clear\"><\/div>\n<\/li>\n<li class=\"sales-flash-overlay woocommerce-text-align-center woocommerce-image-align-center do-quantity-buttons product type-product post-1429 status-publish instock product_cat-arbeitsbuehnen product_cat-gelenkbuehnen has-post-thumbnail taxable shipping-taxable purchasable product-type-simple\">\n\t<a href=\"https:\/\/starnberger-mietgeraete.de\/en\/product\/toucan-12-e-plus\/\" class=\"woocommerce-LoopProduct-link woocommerce-loop-product__link\"><img decoding=\"async\" width=\"300\" height=\"169\" src=\"https:\/\/starnberger-mietgeraete.de\/wp-content\/uploads\/2024\/10\/241002-starnberger-mietgeraete-84-mastarbeitsbuehne-toucan-12-e-plus-300x169.jpg\" class=\"attachment-woocommerce_thumbnail size-woocommerce_thumbnail\" alt=\"Toucan TM12\" srcset=\"https:\/\/starnberger-mietgeraete.de\/wp-content\/uploads\/2024\/10\/241002-starnberger-mietgeraete-84-mastarbeitsbuehne-toucan-12-e-plus-300x169.jpg 300w, https:\/\/starnberger-mietgeraete.de\/wp-content\/uploads\/2024\/10\/241002-starnberger-mietgeraete-84-mastarbeitsbuehne-toucan-12-e-plus-18x10.jpg 18w\" sizes=\"(max-width: 300px) 100vw, 300px\" \/><h2 class=\"woocommerce-loop-product__title\">Toucan TM 12<\/h2><div class=\"star-rating\" title=\"Not yet rated\"><span style=\"width:0%\"><strong class=\"rating\">0<\/strong> out of 5<\/span><\/div>\n<\/a>\t<span id=\"woocommerce_loop_add_to_cart_link_describedby_1429\" class=\"screen-reader-text\">\n\t\t\t<\/span>\n\n<div\n\tclass=\"yith-ywraq-add-to-quote add-to-quote-addons-1429\" >\n\t<a class=\"add-request-quote-button-addons button\" style=\"display:block\" href=\"https:\/\/starnberger-mietgeraete.de\/en\/product\/toucan-12-e-plus\/\">\n\t\tHinzuf\u00fcgen \u279e\t<\/a>\n<\/div>\n\n<div class=\"clear\"><\/div>\n<\/li>\n<li class=\"sales-flash-overlay woocommerce-text-align-center woocommerce-image-align-center do-quantity-buttons product type-product post-1439 status-publish instock product_cat-arbeitsbuehnen product_cat-gelenkbuehnen has-post-thumbnail taxable shipping-taxable purchasable product-type-simple\">\n\t<a href=\"https:\/\/starnberger-mietgeraete.de\/en\/product\/articulated-platform-150-aetj\/\" class=\"woocommerce-LoopProduct-link woocommerce-loop-product__link\"><img decoding=\"async\" width=\"300\" height=\"169\" src=\"https:\/\/starnberger-mietgeraete.de\/wp-content\/uploads\/2024\/10\/241002-starnberger-mietgeraete-94-gelenkbuehne-150-aetj-300x169.jpg\" class=\"attachment-woocommerce_thumbnail size-woocommerce_thumbnail\" alt=\"Gelenkb\u00fchne EB1 5\" srcset=\"https:\/\/starnberger-mietgeraete.de\/wp-content\/uploads\/2024\/10\/241002-starnberger-mietgeraete-94-gelenkbuehne-150-aetj-300x169.jpg 300w, https:\/\/starnberger-mietgeraete.de\/wp-content\/uploads\/2024\/10\/241002-starnberger-mietgeraete-94-gelenkbuehne-150-aetj-18x10.jpg 18w\" sizes=\"(max-width: 300px) 100vw, 300px\" \/><h2 class=\"woocommerce-loop-product__title\">Gelenkbu\u0308hne EB 15<\/h2><div class=\"star-rating\" title=\"Not yet rated\"><span style=\"width:0%\"><strong class=\"rating\">0<\/strong> out of 5<\/span><\/div>\n<\/a>\t<span id=\"woocommerce_loop_add_to_cart_link_describedby_1439\" class=\"screen-reader-text\">\n\t\t\t<\/span>\n\n<div\n\tclass=\"yith-ywraq-add-to-quote add-to-quote-addons-1439\" >\n\t<a class=\"add-request-quote-button-addons button\" style=\"display:block\" href=\"https:\/\/starnberger-mietgeraete.de\/en\/product\/articulated-platform-150-aetj\/\">\n\t\tHinzuf\u00fcgen \u279e\t<\/a>\n<\/div>\n\n<div class=\"clear\"><\/div>\n<\/li>\n<li class=\"sales-flash-overlay woocommerce-text-align-center woocommerce-image-align-center do-quantity-buttons product type-product post-1442 status-publish last instock product_cat-arbeitsbuehnen product_cat-gelenkbuehnen has-post-thumbnail taxable shipping-taxable purchasable product-type-simple\">\n\t<a href=\"https:\/\/starnberger-mietgeraete.de\/en\/product\/articulated-platform-z-45-xc\/\" class=\"woocommerce-LoopProduct-link woocommerce-loop-product__link\"><img decoding=\"async\" width=\"300\" height=\"169\" src=\"https:\/\/starnberger-mietgeraete.de\/wp-content\/uploads\/2024\/10\/241002-starnberger-mietgeraete-97-gelenkbuehne-z-45-xc-300x169.jpg\" class=\"attachment-woocommerce_thumbnail size-woocommerce_thumbnail\" alt=\"Gelenkb\u00fchne AB164+\" srcset=\"https:\/\/starnberger-mietgeraete.de\/wp-content\/uploads\/2024\/10\/241002-starnberger-mietgeraete-97-gelenkbuehne-z-45-xc-300x169.jpg 300w, https:\/\/starnberger-mietgeraete.de\/wp-content\/uploads\/2024\/10\/241002-starnberger-mietgeraete-97-gelenkbuehne-z-45-xc-18x10.jpg 18w\" sizes=\"(max-width: 300px) 100vw, 300px\" \/><h2 class=\"woocommerce-loop-product__title\">Gelenkbu\u0308hne AB 16 G +<\/h2><div class=\"star-rating\" title=\"Not yet rated\"><span style=\"width:0%\"><strong class=\"rating\">0<\/strong> out of 5<\/span><\/div>\n<\/a>\t<span id=\"woocommerce_loop_add_to_cart_link_describedby_1442\" class=\"screen-reader-text\">\n\t\t\t<\/span>\n\n<div\n\tclass=\"yith-ywraq-add-to-quote add-to-quote-addons-1442\" >\n\t<a class=\"add-request-quote-button-addons button\" style=\"display:block\" href=\"https:\/\/starnberger-mietgeraete.de\/en\/product\/articulated-platform-z-45-xc\/\">\n\t\tHinzuf\u00fcgen \u279e\t<\/a>\n<\/div>\n\n<div class=\"clear\"><\/div>\n<\/li>\n<\/ul>\n<\/div><nav class=\"woocommerce-pagination\" aria-label=\"Product Pagination\">\n\t<ul class='page-numbers'>\n\t<li><span aria-label=\"Page 1\" aria-current=\"page\" class=\"page-numbers current\">1<\/span><\/li>\n\t<li><a aria-label=\"Page 2\" class=\"page-numbers\" href=\"\/en\/wp-json\/wp\/v2\/pages\/641?product-page=2\">2<\/a><\/li>\n\t<li><a aria-label=\"Page 3\" class=\"page-numbers\" href=\"\/en\/wp-json\/wp\/v2\/pages\/641?product-page=3\">3<\/a><\/li>\n\t<li><a aria-label=\"Page 4\" class=\"page-numbers\" href=\"\/en\/wp-json\/wp\/v2\/pages\/641?product-page=4\">4<\/a><\/li>\n\t<li><span class=\"page-numbers dots\">&hellip;<\/span><\/li>\n\t<li><a aria-label=\"Page 8\" class=\"page-numbers\" href=\"\/en\/wp-json\/wp\/v2\/pages\/641?product-page=8\">8<\/a><\/li>\n\t<li><a aria-label=\"Page 9\" class=\"page-numbers\" href=\"\/en\/wp-json\/wp\/v2\/pages\/641?product-page=9\">9<\/a><\/li>\n\t<li><a aria-label=\"Page 10\" class=\"page-numbers\" href=\"\/en\/wp-json\/wp\/v2\/pages\/641?product-page=10\">10<\/a><\/li>\n\t<li><a class=\"next page-numbers\" href=\"\/en\/wp-json\/wp\/v2\/pages\/641?product-page=2\">&rarr;<\/a><\/li>\n<\/ul>\n<\/nav>\n<\/div>\n\n<\/div>\n<\/div>\n\n<div class=\"gb-container gb-container-819c6c6f gb-container-section-d\">\n<div class=\"gb-container gb-container-2d7ab47f gb-container-inner-l\">\n<div class=\"gb-grid-wrapper gb-grid-wrapper-16b49926\">\n<div class=\"gb-grid-column gb-grid-column-643af0a8\"><div class=\"gb-container gb-container-643af0a8\">\n<div class=\"gb-container gb-container-f8337a02\">\n\n<p class=\"gb-headline gb-headline-c66b5dca gb-headline-text gb-headline-h1\">100+<\/p>\n\n\n<div class=\"gb-container gb-container-c02c883c\">\n\n<figure class=\"gb-block-image gb-block-image-ffec1f5a\"><img decoding=\"async\" width=\"2600\" height=\"2600\" class=\"gb-image gb-image-ffec1f5a\" src=\"https:\/\/starnberger-mietgeraete.de\/wp-content\/uploads\/2024\/02\/mayer-arbeitsbuehnen-icons_gabelstapler-outline.png\" alt=\"\" title=\"mayer-arbeitsbu\u0308hnen-icons_gabelstapler-outline\" srcset=\"https:\/\/starnberger-mietgeraete.de\/wp-content\/uploads\/2024\/02\/mayer-arbeitsbuehnen-icons_gabelstapler-outline.png 2600w, https:\/\/starnberger-mietgeraete.de\/wp-content\/uploads\/2024\/02\/mayer-arbeitsbuehnen-icons_gabelstapler-outline-300x300.png 300w, https:\/\/starnberger-mietgeraete.de\/wp-content\/uploads\/2024\/02\/mayer-arbeitsbuehnen-icons_gabelstapler-outline-1024x1024.png 1024w, https:\/\/starnberger-mietgeraete.de\/wp-content\/uploads\/2024\/02\/mayer-arbeitsbuehnen-icons_gabelstapler-outline-150x150.png 150w, https:\/\/starnberger-mietgeraete.de\/wp-content\/uploads\/2024\/02\/mayer-arbeitsbuehnen-icons_gabelstapler-outline-768x768.png 768w, https:\/\/starnberger-mietgeraete.de\/wp-content\/uploads\/2024\/02\/mayer-arbeitsbuehnen-icons_gabelstapler-outline-1536x1536.png 1536w, https:\/\/starnberger-mietgeraete.de\/wp-content\/uploads\/2024\/02\/mayer-arbeitsbuehnen-icons_gabelstapler-outline-2048x2048.png 2048w, https:\/\/starnberger-mietgeraete.de\/wp-content\/uploads\/2024\/02\/mayer-arbeitsbuehnen-icons_gabelstapler-outline-600x600.png 600w, https:\/\/starnberger-mietgeraete.de\/wp-content\/uploads\/2024\/02\/mayer-arbeitsbuehnen-icons_gabelstapler-outline-100x100.png 100w\" sizes=\"(max-width: 2600px) 100vw, 2600px\"><\/figure>\n\n<\/div>\n<\/div>\n\n\n<p class=\"gb-headline gb-headline-4a72532f gb-headline-text\">Miet-Maschinen<\/p>\n\n\n\n<p class=\"gb-headline gb-headline-b6c70bee gb-headline-text gb-headline-body-s\">Umfangreicher Mietpark f\u00fcr jede <br>individuelle Anforderung.<\/p>\n\n<\/div><\/div>\n\n<div class=\"gb-grid-column gb-grid-column-eab7b8a1\"><div class=\"gb-container gb-container-eab7b8a1\">\n<div class=\"gb-container gb-container-d81ad80b\">\n\n<p class=\"gb-headline gb-headline-702998ac gb-headline-text gb-headline-h1\">20+<\/p>\n\n\n<div class=\"gb-container gb-container-25b9e4b2\">\n\n<figure class=\"gb-block-image gb-block-image-e29e5151\"><img decoding=\"async\" width=\"2600\" height=\"2600\" class=\"gb-image gb-image-e29e5151\" src=\"https:\/\/starnberger-mietgeraete.de\/wp-content\/uploads\/2024\/02\/mayer-arbeitsbuehnen-icons_erfahrung-outline.png\" alt=\"\" title=\"mayer-arbeitsbu\u0308hnen-icons_erfahrung-outline\" srcset=\"https:\/\/starnberger-mietgeraete.de\/wp-content\/uploads\/2024\/02\/mayer-arbeitsbuehnen-icons_erfahrung-outline.png 2600w, https:\/\/starnberger-mietgeraete.de\/wp-content\/uploads\/2024\/02\/mayer-arbeitsbuehnen-icons_erfahrung-outline-300x300.png 300w, https:\/\/starnberger-mietgeraete.de\/wp-content\/uploads\/2024\/02\/mayer-arbeitsbuehnen-icons_erfahrung-outline-1024x1024.png 1024w, https:\/\/starnberger-mietgeraete.de\/wp-content\/uploads\/2024\/02\/mayer-arbeitsbuehnen-icons_erfahrung-outline-150x150.png 150w, https:\/\/starnberger-mietgeraete.de\/wp-content\/uploads\/2024\/02\/mayer-arbeitsbuehnen-icons_erfahrung-outline-768x768.png 768w, https:\/\/starnberger-mietgeraete.de\/wp-content\/uploads\/2024\/02\/mayer-arbeitsbuehnen-icons_erfahrung-outline-1536x1536.png 1536w, https:\/\/starnberger-mietgeraete.de\/wp-content\/uploads\/2024\/02\/mayer-arbeitsbuehnen-icons_erfahrung-outline-2048x2048.png 2048w, https:\/\/starnberger-mietgeraete.de\/wp-content\/uploads\/2024\/02\/mayer-arbeitsbuehnen-icons_erfahrung-outline-600x600.png 600w, https:\/\/starnberger-mietgeraete.de\/wp-content\/uploads\/2024\/02\/mayer-arbeitsbuehnen-icons_erfahrung-outline-100x100.png 100w\" sizes=\"(max-width: 2600px) 100vw, 2600px\"><\/figure>\n\n<\/div>\n<\/div>\n\n\n<p class=\"gb-headline gb-headline-a283fd9a gb-headline-text\">Jahre im Mietgesch\u00e4ft<\/p>\n\n\n\n<p class=\"gb-headline gb-headline-9bc3579c gb-headline-text gb-headline-body-s\">Ihr verl\u00e4sslicher Partner im <br>Mietgesch\u00e4ft.<\/p>\n\n<\/div><\/div>\n\n<div class=\"gb-grid-column gb-grid-column-d81b4504\"><div class=\"gb-container gb-container-d81b4504\">\n<div class=\"gb-container gb-container-692e4050\">\n\n<p class=\"gb-headline gb-headline-f8a1f085 gb-headline-text gb-headline-h1\">05+<\/p>\n\n\n<div class=\"gb-container gb-container-2e28658b\">\n\n<figure class=\"gb-block-image gb-block-image-e8b15ea1\"><img decoding=\"async\" width=\"2600\" height=\"2600\" class=\"gb-image gb-image-e8b15ea1\" src=\"https:\/\/starnberger-mietgeraete.de\/wp-content\/uploads\/2024\/02\/mayer-arbeitsbuehnen-icons_schulungen-outline.png\" alt=\"\" title=\"mayer-arbeitsbu\u0308hnen-icons_schulungen-outline\" srcset=\"https:\/\/starnberger-mietgeraete.de\/wp-content\/uploads\/2024\/02\/mayer-arbeitsbuehnen-icons_schulungen-outline.png 2600w, https:\/\/starnberger-mietgeraete.de\/wp-content\/uploads\/2024\/02\/mayer-arbeitsbuehnen-icons_schulungen-outline-300x300.png 300w, https:\/\/starnberger-mietgeraete.de\/wp-content\/uploads\/2024\/02\/mayer-arbeitsbuehnen-icons_schulungen-outline-1024x1024.png 1024w, https:\/\/starnberger-mietgeraete.de\/wp-content\/uploads\/2024\/02\/mayer-arbeitsbuehnen-icons_schulungen-outline-150x150.png 150w, https:\/\/starnberger-mietgeraete.de\/wp-content\/uploads\/2024\/02\/mayer-arbeitsbuehnen-icons_schulungen-outline-768x768.png 768w, https:\/\/starnberger-mietgeraete.de\/wp-content\/uploads\/2024\/02\/mayer-arbeitsbuehnen-icons_schulungen-outline-1536x1536.png 1536w, https:\/\/starnberger-mietgeraete.de\/wp-content\/uploads\/2024\/02\/mayer-arbeitsbuehnen-icons_schulungen-outline-2048x2048.png 2048w, https:\/\/starnberger-mietgeraete.de\/wp-content\/uploads\/2024\/02\/mayer-arbeitsbuehnen-icons_schulungen-outline-600x600.png 600w, https:\/\/starnberger-mietgeraete.de\/wp-content\/uploads\/2024\/02\/mayer-arbeitsbuehnen-icons_schulungen-outline-100x100.png 100w\" sizes=\"(max-width: 2600px) 100vw, 2600px\"><\/figure>\n\n<\/div>\n<\/div>\n\n\n<p class=\"gb-headline gb-headline-940d9856 gb-headline-text\">Verschiedene Schulungen<\/p>\n\n\n\n<p class=\"gb-headline gb-headline-c054deb4 gb-headline-text gb-headline-body-s\">Schulungen f\u00fcr sicheres Arbeiten <br>mit Arbeitsb\u00fchnen.<\/p>\n\n<\/div><\/div>\n\n<div class=\"gb-grid-column gb-grid-column-457afb17\"><div class=\"gb-container gb-container-457afb17\">\n<div class=\"gb-container gb-container-13fd2f81\">\n\n<p class=\"gb-headline gb-headline-9986d226 gb-headline-text gb-headline-h1\">100%<\/p>\n\n\n<div class=\"gb-container gb-container-be645820\">\n\n<figure class=\"gb-block-image gb-block-image-bdb73e65\"><img decoding=\"async\" width=\"2600\" height=\"2600\" class=\"gb-image gb-image-bdb73e65\" src=\"https:\/\/starnberger-mietgeraete.de\/wp-content\/uploads\/2024\/02\/mayer-arbeitsbuehnen-icons_europaweit-outline.png\" alt=\"\" title=\"mayer-arbeitsbu\u0308hnen-icons_europaweit-outline\" srcset=\"https:\/\/starnberger-mietgeraete.de\/wp-content\/uploads\/2024\/02\/mayer-arbeitsbuehnen-icons_europaweit-outline.png 2600w, https:\/\/starnberger-mietgeraete.de\/wp-content\/uploads\/2024\/02\/mayer-arbeitsbuehnen-icons_europaweit-outline-300x300.png 300w, https:\/\/starnberger-mietgeraete.de\/wp-content\/uploads\/2024\/02\/mayer-arbeitsbuehnen-icons_europaweit-outline-1024x1024.png 1024w, https:\/\/starnberger-mietgeraete.de\/wp-content\/uploads\/2024\/02\/mayer-arbeitsbuehnen-icons_europaweit-outline-150x150.png 150w, https:\/\/starnberger-mietgeraete.de\/wp-content\/uploads\/2024\/02\/mayer-arbeitsbuehnen-icons_europaweit-outline-768x768.png 768w, https:\/\/starnberger-mietgeraete.de\/wp-content\/uploads\/2024\/02\/mayer-arbeitsbuehnen-icons_europaweit-outline-1536x1536.png 1536w, https:\/\/starnberger-mietgeraete.de\/wp-content\/uploads\/2024\/02\/mayer-arbeitsbuehnen-icons_europaweit-outline-2048x2048.png 2048w, https:\/\/starnberger-mietgeraete.de\/wp-content\/uploads\/2024\/02\/mayer-arbeitsbuehnen-icons_europaweit-outline-600x600.png 600w, https:\/\/starnberger-mietgeraete.de\/wp-content\/uploads\/2024\/02\/mayer-arbeitsbuehnen-icons_europaweit-outline-100x100.png 100w\" sizes=\"(max-width: 2600px) 100vw, 2600px\"><\/figure>\n\n<\/div>\n<\/div>\n\n\n<p class=\"gb-headline gb-headline-a3afec8f gb-headline-text\">Regionalit\u00e4t<\/p>\n\n\n\n<p class=\"gb-headline gb-headline-422a7ae0 gb-headline-text gb-headline-body-s\">Do san mia dahoam: M\u00fcnchen, Bad T\u00f6lz, Garmisch-Partenkirchen.<\/p>\n\n<\/div><\/div>\n<\/div>\n<\/div>\n<\/div>\n\n<div class=\"gb-container gb-container-a3a9caf4 gb-container-section-d\">\n<div class=\"gb-container gb-container-87091c48 gb-container-inner-d\">\n<div class=\"gb-grid-wrapper gb-grid-wrapper-71d63902\">\n<div class=\"gb-grid-column gb-grid-column-7c215bc2\"><div class=\"gb-container gb-container-7c215bc2\">\n\n<h2 class=\"gb-headline gb-headline-7928b3d5 gb-headline-text\"><strong>Finden Sie die ideale Arbeitsb\u00fchne oder Stapler f\u00fcr Ihre Bed\u00fcrfnisse<\/strong><\/h2>\n\n\n\n<p>Suchen Sie nach dem perfekten Hubarbeitsb\u00fchne oder Stapler? Wir helfen Ihnen, die richtige L\u00f6sung zu finden. Unsere breite Palette an Ger\u00e4ten erm\u00f6glicht es uns, die Anforderungen verschiedenster Projekte zu erf\u00fcllen, sei es in der Bauindustrie, bei Wartungsarbeiten oder anderen Einsatzgebieten. Mit unserem einfachen Konfigurationstool k\u00f6nnen Sie Ihre Bed\u00fcrfnisse spezifizieren und die passende Arbeitsb\u00fchne oder Stapler f\u00fcr Ihr Projekt finden.<\/p>\n\n<\/div><\/div>\n\n<div class=\"gb-grid-column gb-grid-column-9a3a1886\"><div class=\"gb-container gb-container-9a3a1886\">\n\n<h2 class=\"gb-headline gb-headline-d0ff4acd gb-headline-text\"><strong>Flexible Mietoptionen und transparente Preise<\/strong><\/h2>\n\n\n\n<p>Bei uns k\u00f6nnen Sie Ihre Arbeitsb\u00fchne oder Hebeb\u00fchne zu fairen Preisen mieten. Erhalten Sie ein ma\u00dfgeschneidertes Angebot f\u00fcr Ihre Anforderungen. Unsere flexiblen Mietoptionen erm\u00f6glichen es Ihnen, das Ger\u00e4t f\u00fcr die ben\u00f6tigte Dauer zu mieten, sei es f\u00fcr einen Tag, eine Woche oder l\u00e4nger. Mit transparenten Preisen und klaren Bedingungen bieten wir Ihnen einen zuverl\u00e4ssigen Service, auf den Sie sich verlassen k\u00f6nnen.<\/p>\n\n<\/div><\/div>\n<\/div>\n<\/div>\n<\/div>\n\n\n<div style=\"height:64px\" aria-hidden=\"true\" class=\"wp-block-spacer\"><\/div>\n","protected":false},"excerpt":{"rendered":"<p>Discover our rental fleet and find the right work platforms to rent Configurator Find your perfect work platform or forklift from our rental fleet in just a few clicks With our intuitive configurator, you can now define your individual requirements and discover the right work platform or forklift from our rental fleet for your project. Save time and find ... <a title=\"Letting\" class=\"read-more\" href=\"https:\/\/starnberger-mietgeraete.de\/en\/letting\/\" aria-label=\"Read more about Renting\">Read more<\/a><\/p>","protected":false},"author":1,"featured_media":0,"parent":0,"menu_order":0,"comment_status":"closed","ping_status":"closed","template":"","meta":{"_acf_changed":false,"footnotes":""},"class_list":["post-641","page","type-page","status-publish"],"acf":[],"_links":{"self":[{"href":"https:\/\/starnberger-mietgeraete.de\/en\/wp-json\/wp\/v2\/pages\/641","targetHints":{"allow":["GET"]}}],"collection":[{"href":"https:\/\/starnberger-mietgeraete.de\/en\/wp-json\/wp\/v2\/pages"}],"about":[{"href":"https:\/\/starnberger-mietgeraete.de\/en\/wp-json\/wp\/v2\/types\/page"}],"author":[{"embeddable":true,"href":"https:\/\/starnberger-mietgeraete.de\/en\/wp-json\/wp\/v2\/users\/1"}],"replies":[{"embeddable":true,"href":"https:\/\/starnberger-mietgeraete.de\/en\/wp-json\/wp\/v2\/comments?post=641"}],"version-history":[{"count":0,"href":"https:\/\/starnberger-mietgeraete.de\/en\/wp-json\/wp\/v2\/pages\/641\/revisions"}],"wp:attachment":[{"href":"https:\/\/starnberger-mietgeraete.de\/en\/wp-json\/wp\/v2\/media?parent=641"}],"curies":[{"name":"wp","href":"https:\/\/api.w.org\/{rel}","templated":true}]}}